{"id":3939,"date":"2018-02-16T11:37:26","date_gmt":"2018-02-16T10:37:26","guid":{"rendered":"https:\/\/2018.prague.wordcamp.org\/?page_id=3939"},"modified":"2018-12-19T11:27:44","modified_gmt":"2018-12-19T10:27:44","slug":"prednasejici","status":"publish","type":"page","link":"https:\/\/prague.wordcamp.org\/2019\/prednasejici\/","title":{"rendered":"P\u0159edn\u00e1\u0161ej\u00edc\u00ed"},"content":{"rendered":"\n\t<div class=\"wcorg-speakers\">\n\n\t\t\n\t\t\t<!-- Organizers note: The id attribute is deprecated and only remains for backwards compatibility, please use the corresponding class to target individual speakers -->\n\t\t\t<div id=\"wcorg-speaker-borek-bernard\" class=\"wcorg-speaker wcorg-speaker-borek-bernard\">\n\t\t\t\t<h2>\n\t\t\t\t\t\n\t\t\t\t\t\tBorek Bernard\n\t\t\t\t\t\t\t\t\t<\/h2>\n\n\t\t\t\t<div class=\"wcorg-speaker-description\">\n\t\t\t\t\t\t\t\t\t\t<p>Jmenuji se Borek Bernard, poch\u00e1z\u00edm z Pardubic a posledn\u00edch p\u00e1r let m\u00e1m to \u0161t\u011bst\u00ed, \u017ee m\u016f\u017eu s kolegy pracovat na projektu jm\u00e9nem\u00a0<a href=\"https:\/\/versionpress.net\/\">VersionPressu<\/a>. \u201e<strong>VersionPress<\/strong>\u201c je ve skute\u010dnosti\u00a0<em>n\u011bkolik v\u011bc\u00ed<\/em>, n\u011bkter\u00e9 ve\u0159ejn\u00e9, n\u011bkter\u00e9 v p\u0159\u00edprav\u011b, no koneckonc\u016f o tom v\u0161em bude p\u0159edn\u00e1\u0161ka na WordCampu.<\/p>\n<p>P\u0159ed VersionPressem jsem pracoval jako\u00a0<strong>v\u00fdvoj\u00e1\u0159<\/strong>\u00a0v Adobe Flex, ale tato technologie je dnes ji\u017e de facto mrtv\u00e1. Z t\u011bch aktu\u00e1ln\u00edch m\u00e1m r\u00e1d p\u0159edev\u0161\u00edm\u00a0<em>ekosyst\u00e9m kolem JavaScriptu<\/em>, jmenovit\u011b jazyk\u00a0<strong>TypeScript<\/strong>\u00a0(je v\u00e1\u017en\u011b bo\u017e\u00ed!), Node.js a\u00a0<strong>React<\/strong>. D\u00e1le se mi l\u00edb\u00ed, kam jde sv\u011bt provozu aplikac\u00ed, konkr\u00e9tn\u011b\u00a0<strong>Docker<\/strong>\u00a0je velk\u00e1 v\u011bc a rovn\u011b\u017e n\u011bco, s \u010d\u00edm si ve VersionPressu hrajeme.<\/p>\n<p>Krom\u011b pr\u00e1ce se sna\u017e\u00edm co nejv\u00edc \u010dasu tr\u00e1vit s na\u0161imi mal\u00fdmi \u010dert\u00edky alias rodinou, a kdy\u017e \u010das dovol\u00ed, st\u00e1le m\u00e1m slab\u00e9 m\u00edsto pro \u0161achy.<\/p>\n<p>Na Twitteru m\u011b najdete jako\u00a0<strong><a href=\"https:\/\/twitter.com\/borekb\/\">@borekb<\/a><\/strong>\u00a0a taky jsem obnovil blog na\u00a0<strong><a href=\"https:\/\/borekb.cz\/\" target=\"_blank\" rel=\"nofollow noopener noreferrer\">borekb.cz<\/a><\/strong>, kam p\u00ed\u0161u jak technick\u00e9, tak \u201ebyznysov\u00e9\u201c p\u0159\u00edhody z budov\u00e1n\u00ed startupu.<\/p>\n<p><strong>T\u00e9ma:<\/strong>\u00a0<em>Tak trochu jin\u00fd v\u00fdvoj &#8222;\u0161ablon&#8220; s Gatsby.js<\/em><\/p>\n<p><strong><a href=\"https:\/\/2019.prague.wordcamp.org\/borek-bernard-a-rychly-gatsby-ve-svete-wordpress\/\">Borek Bernard a Rychl\u00fd Gatsby ve sv\u011bt\u011b WordPress<\/a><\/strong><\/p>\n<p><iframe loading=\"lazy\" title=\"WordPress + Gatsby\" src=\"https:\/\/www.slideshare.net\/slideshow\/embed_code\/key\/7OFLa55J4HY0tz\" width=\"427\" height=\"356\" frameborder=\"0\" marginwidth=\"0\" marginheight=\"0\" scrolling=\"no\" style=\"border:1px solid #CCC; border-width:1px; margin-bottom:5px; max-width: 100%;\" allowfullscreen> <\/iframe> <\/p>\n<div style=\"margin-bottom:5px\"> <strong> <a href=\"https:\/\/www.slideshare.net\/borekb\/wordpress-gatsby\" title=\"WordPress + Gatsby\" target=\"_blank\">WordPress + Gatsby<\/a> <\/strong> from <strong><a href=\"https:\/\/www.slideshare.net\/borekb\" target=\"_blank\">Borek Bernard<\/a><\/strong> <\/div>\n<p><a href=\"https:\/\/github.com\/borekb\/wordpress-gatsby-wcprg-2019\">Demo projekt<\/a><\/p>\n\t\t\t\t<\/div>\n\t\t\t<\/div>\n\n\t\t\n\t\t\t<!-- Organizers note: The id attribute is deprecated and only remains for backwards compatibility, please use the corresponding class to target individual speakers -->\n\t\t\t<div id=\"wcorg-speaker-petra-dolejsova\" class=\"wcorg-speaker wcorg-speaker-petra-dolejsova\">\n\t\t\t\t<h2>\n\t\t\t\t\t\n\t\t\t\t\t\tPetra Dolej\u0161ov\u00e1\n\t\t\t\t\t\t\t\t\t<\/h2>\n\n\t\t\t\t<div class=\"wcorg-speaker-description\">\n\t\t\t\t\t\t\t\t\t\t<p>Petra Dolej\u0161ov\u00e1 je postrachem ka\u017ed\u00e9ho mu\u017ee \u2013 chytr\u00e1, kr\u00e1sn\u00e1 a pekeln\u011b temperamentn\u00ed. Je advok\u00e1tkou a jednatelkou AK eLegal. Specializuje se na pr\u00e1vo v oblasti marketingu, m\u00e9di\u00ed, GDPR a ochranu osobn\u00edch \u00fadaj\u016f. Pro\u0161kolila u\u017e stovky market\u00e9r\u016f a za\u010d\u00ednaj\u00edc\u00edch i zku\u0161en\u00fdch podnikatel\u016f. Jej\u00ed p\u0159edn\u00e1\u0161ky v\u00e1m utkv\u00ed v hlav\u011b nejen d\u00edky zaj\u00edmav\u00e9mu a praktick\u00e9mu obsahu, ale taky d\u00edky osobit\u00e9mu v\u00fdkladu \u2013 ne\u010dekejte citov\u00e1n\u00ed paragraf\u016f a strohou mluvu advok\u00e1t\u016f, ale n\u00e1lo\u017e p\u0159\u00edklad\u016f z praxe v pod\u00e1n\u00ed, kter\u00e9 v\u00e1s rozhodn\u011b nebude nudit.<\/p>\n<p><strong>T\u00e9ma:<\/strong>\u00a0<em>Autorsk\u00e9 pr\u00e1vo v digit\u00e1lu\u00a0(aneb pr\u00e1vn\u00ed pasti webu n\u00e1zorn\u011b a stru\u010dn\u011b)\u00a0<\/em><\/p>\n<p><strong><a class=\"row-title\" href=\"https:\/\/2019.prague.wordcamp.org\/rozhovor-s-petrou-dolejsovou-nejenom-o-paragrafech\/\" aria-label=\"\u201eRozhovor s Petrou Dolej\u0161ovou nejenom o paragrafech\u201c (Upravit)\">Rozhovor s Petrou Dolej\u0161ovou nejenom o paragrafech<\/a><\/strong><\/p>\n\t\t\t\t<\/div>\n\t\t\t<\/div>\n\n\t\t\n\t\t\t<!-- Organizers note: The id attribute is deprecated and only remains for backwards compatibility, please use the corresponding class to target individual speakers -->\n\t\t\t<div id=\"wcorg-speaker-pavel-ungr\" class=\"wcorg-speaker wcorg-speaker-pavel-ungr\">\n\t\t\t\t<h2>\n\t\t\t\t\t\n\t\t\t\t\t\tPavel Ungr\n\t\t\t\t\t\t\t\t\t<\/h2>\n\n\t\t\t\t<div class=\"wcorg-speaker-description\">\n\t\t\t\t\t\t\t\t\t\t<p>Pavel Ungr se SEO (a online sv\u011btu obecn\u011b) v\u011bnuje ji\u017e od roku 2004. Z Et netery v roce 2009 nastoupil p\u0159\u00edmo do spole\u010dnosti Ataxo, a n\u00e1sledn\u011b do H1.cz. Miluje pr\u00e1ci pro sv\u00e9 klienty a je nerad druh\u00fd. R\u00e1d \u0161kol\u00ed a p\u0159edn\u00e1\u0161\u00ed nejen o SEO, ale aktivn\u011b se zaj\u00edm\u00e1 i o soci\u00e1ln\u00ed s\u00edt\u011b a jejich praktick\u00e9 vyu\u017eit\u00ed. Bav\u00ed ho online marketingov\u00e9 experimenty a propaguje SEO jako tvorbu zaj\u00edmav\u00e9ho a kvalitn\u00edho obsahov\u00e9ho webu. Zaj\u00edm\u00e1 se o modern\u00ed technologie, internet, ale i o um\u011bn\u00ed, filosofii a dal\u0161\u00ed humanitn\u00ed v\u011bdy.<\/p>\n<p><strong>T\u00e9ma:\u00a0<\/strong><em>Technick\u00e9 SEO na WordPressu od A do Z<\/em><\/p>\n<p><strong><a class=\"row-title\" href=\"https:\/\/2019.prague.wordcamp.org\/pavel-ungr-bourani-bariery-mezi-vyvojarem-a-seo-specialistou\/\" aria-label=\"\u201eS Pavlem Ungrem o bour\u00e1n\u00ed bari\u00e9ry mezi v\u00fdvoj\u00e1\u0159em a SEO specialistou\u201c (Upravit)\">S Pavlem Ungrem o bour\u00e1n\u00ed bari\u00e9ry mezi v\u00fdvoj\u00e1\u0159em a SEO specialistou<\/a><\/strong><\/p>\n<p><a href=\"https:\/\/2019.prague.wordcamp.org\/files\/2018\/12\/Technick\u00e9-SEO-na-WordPressu.pdf\">Technick\u00e9 SEO na WordPressu<\/a><\/p>\n\t\t\t\t<\/div>\n\t\t\t<\/div>\n\n\t\t\n\t\t\t<!-- Organizers note: The id attribute is deprecated and only remains for backwards compatibility, please use the corresponding class to target individual speakers -->\n\t\t\t<div id=\"wcorg-speaker-tomas-cirkl\" class=\"wcorg-speaker wcorg-speaker-tomas-cirkl\">\n\t\t\t\t<h2>\n\t\t\t\t\t\n\t\t\t\t\t\tTom\u00e1\u0161 Cirkl\n\t\t\t\t\t\t\t\t\t<\/h2>\n\n\t\t\t\t<div class=\"wcorg-speaker-description\">\n\t\t\t\t\t\t\t\t\t\t<p>S redak\u010dn\u00edm syst\u00e9mem WordPress m\u00e1 v\u00edce ne\u017e 8 let zku\u0161enost\u00ed. Webov\u00e9 str\u00e1nky vytv\u00e1\u0159\u00ed pro sebe i pro klienty. Nejprve za\u010d\u00ednal s\u00e1m, ale pozd\u011bji se rozhodl t\u00fdm roz\u0161\u00ed\u0159it a zalo\u017eil vlastn\u00ed firmu <a href=\"https:\/\/www.wpress.help\/\">wpress.help<\/a> specializuj\u00edc\u00ed se na WordPress a v\u0161e s t\u00edm spojen\u00e9.<\/p>\n<p>Tom\u00e1\u0161 pravideln\u011b p\u00ed\u0161e \u010dl\u00e1nky s novinkami, n\u00e1vody a tipy pro WordPress na sv\u00e9m blogu <a href=\"https:\/\/www.wplama.cz\/\">WPlama.cz<\/a>.<\/p>\n<p><strong>T\u00e9ma:<\/strong>\u00a0<em>Zm\u011bny ve WordPressu za posledn\u00edch 5 let<\/em><\/p>\n<p class=\"m_6339445111130405767post-title\"><a href=\"https:\/\/2019.prague.wordcamp.org\/s-tomasem-cirklem-nejen-o-blogovani-a-divi-sablone\/\" target=\"_blank\" rel=\"noopener noreferrer\" data-saferedirecturl=\"https:\/\/www.google.com\/url?q=https:\/\/2019.prague.wordcamp.org\/s-tomasem-cirklem-nejen-o-blogovani-a-divi-sablone\/&amp;source=gmail&amp;ust=1549462026055000&amp;usg=AFQjCNEUuugueLm7ct8mcMVFsryx9KSINA\"><strong>S Tom\u00e1\u0161em Cirklem nejen o blogov\u00e1n\u00ed a Divi\u00a0\u0161ablon\u011b<\/strong><\/a><\/p>\n<p>&nbsp;<\/p>\n<p>&nbsp;<\/p>\n<div>\n<div style=\"width: 100%;height: 0px;padding-bottom: 56.249%;padding-top: 30px\"><iframe loading=\"lazy\" src=\"https:\/\/docs.google.com\/presentation\/d\/13Zs19YdmxH-7CznhYqBvdVqaZIrQ2ZBjaovg_aopC2E\/preview?usp=embed_googleplus\" frameborder=\"0\" width=\"100%\" height=\"495\" marginheight=\"0\" marginwidth=\"0\" allowfullscreen=\"true\" mozallowfullscreen=\"true\" webkitallowfullscreen=\"true\"><\/iframe><\/div>\n<\/div>\n\t\t\t\t<\/div>\n\t\t\t<\/div>\n\n\t\t\n\t\t\t<!-- Organizers note: The id attribute is deprecated and only remains for backwards compatibility, please use the corresponding class to target individual speakers -->\n\t\t\t<div id=\"wcorg-speaker-vladislav-musilek\" class=\"wcorg-speaker wcorg-speaker-vladislav-musilek\">\n\t\t\t\t<h2>\n\t\t\t\t\t\n\t\t\t\t\t\tVladislav Mus\u00edlek\n\t\t\t\t\t\t\t\t\t<\/h2>\n\n\t\t\t\t<div class=\"wcorg-speaker-description\">\n\t\t\t\t\t\t\t\t\t\t<p>WordPress je jeho posedlost\u00ed ji\u017e n\u011bkolik let a posledn\u00ed dva roky, se pln\u011b v\u011bnuje WooCommerce a programov\u00e1n\u00ed dopl\u0148k\u016f, pro tento e-shop plugin. Provozuje web Toret.cz, kde nab\u00edz\u00ed sv\u00e9 produkty. O sv\u00e9 znalosti se d\u011bl\u00ed na blogu\u00a0<a href=\"http:\/\/musilda.cz\/\" target=\"_blank\" rel=\"noopener noreferrer\">Musilda.cz<\/a>, p\u0159edn\u00e1\u0161k\u00e1ch a v posledn\u00edm roce i na \u0161kolen\u00edch, zam\u011b\u0159en\u00fdch p\u0159edev\u0161\u00edm na Woocommerce.<\/p>\n<p><strong>Workshop:<\/strong>\u00a0<em>Jak na pokro\u010dilej\u0161\u00ed lad\u011bn\u00ed WooCommerce<\/em><\/p>\n<p><a href=\"https:\/\/2019.prague.wordcamp.org\/vlada-musilek-workshop-o-reseni-problemu-s-woocommerce\/\"><strong>Vl\u00e1\u010fa Mus\u00edlek \u2013 workshop o \u0159e\u0161en\u00ed probl\u00e9m\u016f s WooCommerce<\/strong><\/a><\/p>\n<p>https:\/\/speakerdeck.com\/musilda\/testovani-woocommerce<\/p>\n\t\t\t\t<\/div>\n\t\t\t<\/div>\n\n\t\t\n\t\t\t<!-- Organizers note: The id attribute is deprecated and only remains for backwards compatibility, please use the corresponding class to target individual speakers -->\n\t\t\t<div id=\"wcorg-speaker-jan-bien\" class=\"wcorg-speaker wcorg-speaker-jan-bien\">\n\t\t\t\t<h2>\n\t\t\t\t\t\n\t\t\t\t\t\tJan Bien\n\t\t\t\t\t\t\t\t\t<\/h2>\n\n\t\t\t\t<div class=\"wcorg-speaker-description\">\n\t\t\t\t\t\t\t\t\t\t<p>Jan Bien je zak\u00e1zkov\u00fd v\u00fdvoj\u00e1\u0159 web\u016f a webov\u00fdch prezentac\u00ed na m\u00edru s WordPress administrac\u00ed. S webov\u00fdm v\u00fdvojem za\u010d\u00ednal v roce 2004 jako HTML kod\u00e9r v port\u00e1lu Atlas.cz, pot\u00e9 si pro\u0161el agenturou Ataxo a v roce 2010 se vydal na volnou nohu, kdy WordPress p\u0159ibral mezi sv\u00e9 hlavn\u00ed pracovn\u00ed n\u00e1stroje. N\u011bkolikr\u00e1t ro\u010dn\u011b lektoruje vlastn\u00ed \u0161kolen\u00ed v\u00fdvoje web\u016f na WordPressu pro kod\u00e9ry a v\u00fdvoj\u00e1\u0159e.<\/p>\n<p><strong>P\u0159\u00edpadovka:<\/strong>\u00a0<em>Implementace WP jako publika\u010dn\u00edho n\u00e1stroje pro korporaci<\/em><\/p>\n<p><strong><a href=\"https:\/\/2019.prague.wordcamp.org\/rozhovor-s-janem-bienem\/\">Rozhovor s Janem Bienem<\/a><\/strong><\/p>\n\t\t\t\t<\/div>\n\t\t\t<\/div>\n\n\t\t\n\t\t\t<!-- Organizers note: The id attribute is deprecated and only remains for backwards compatibility, please use the corresponding class to target individual speakers -->\n\t\t\t<div id=\"wcorg-speaker-ondrej-ilincev\" class=\"wcorg-speaker wcorg-speaker-ondrej-ilincev\">\n\t\t\t\t<h2>\n\t\t\t\t\t\n\t\t\t\t\t\tOnd\u0159ej Ilin\u010dev\n\t\t\t\t\t\t\t\t\t<\/h2>\n\n\t\t\t\t<div class=\"wcorg-speaker-description\">\n\t\t\t\t\t\t\t\t\t\t<p>Pom\u00e1h\u00e1m majitel\u016fm web\u016f odstranit neduhy, aby jejich web fungoval na maximum. Pokud byste cht\u011bli v\u011bd\u011bt, co m\u00e1m v emailu pod jm\u00e9nem, tak CRO a UX expert. Gro m\u00e9 pr\u00e1ce je anal\u00fdza webu, doporu\u010den\u00ed na zm\u011bny a n\u00e1sledn\u00e9 A\/B testov\u00e1n\u00ed a evolu\u010dn\u00ed vylep\u0161ov\u00e1n\u00ed.<\/p>\n<p><strong>P\u0159\u00edpadovka:<\/strong> <em>Jak jsme orali formul\u00e1\u0159ov\u00e1 pole<\/em><\/p>\n<p><a href=\"https:\/\/2019.prague.wordcamp.org\/ondra-ilincev-webove-formulare-bez-dojmologie\/\"><strong>Ondra Ilin\u010dev \u2013 webov\u00e9 formul\u00e1\u0159e bez dojmologie<\/strong><\/a><\/p>\n\t\t\t\t<\/div>\n\t\t\t<\/div>\n\n\t\t\n\t\t\t<!-- Organizers note: The id attribute is deprecated and only remains for backwards compatibility, please use the corresponding class to target individual speakers -->\n\t\t\t<div id=\"wcorg-speaker-fellyph-cintra\" class=\"wcorg-speaker wcorg-speaker-fellyph-cintra\">\n\t\t\t\t<h2>\n\t\t\t\t\t\n\t\t\t\t\t\tFellyph Cintra\n\t\t\t\t\t\t\t\t\t<\/h2>\n\n\t\t\t\t<div class=\"wcorg-speaker-description\">\n\t\t\t\t\t\t\t\t\t\t<p>In 2010 He attended his first WordCamp as a volunteer, 4 years later became WordCamp organizer.\u00a0 Since he attended his first WordCamp, Fellyph has already participated as a speaker in 10 more WordCamps in South America and Europe, always talking about his favourite subject: front-end technologies.<\/p>\n<p><strong>Topic:\u00a0<\/strong><em>Work Smart with Gutenberg<\/em><\/p>\n<p><a href=\"https:\/\/2019.prague.wordcamp.org\/fellyph-cintra-work-smart-with-gutenberg\/\"><strong>Fellyph Cintra \u2013 Work Smart with Gutenberg<\/strong><\/a><\/p>\n<p><iframe loading=\"lazy\" title=\"Work smart with Gutenberg - Fellyph Cintra\" src=\"https:\/\/www.slideshare.net\/slideshow\/embed_code\/key\/21LIPayRgGo9SO\" width=\"427\" height=\"356\" frameborder=\"0\" marginwidth=\"0\" marginheight=\"0\" scrolling=\"no\" style=\"border:1px solid #CCC; border-width:1px; margin-bottom:5px; max-width: 100%;\" allowfullscreen> <\/iframe> <\/p>\n<div style=\"margin-bottom:5px\"> <strong> <a href=\"https:\/\/www.slideshare.net\/fellyph\/work-smart-with-gutenberg-fellyph-cintra-134127640\" title=\"Work smart with Gutenberg - Fellyph Cintra\" target=\"_blank\">Work smart with Gutenberg &#8211; Fellyph Cintra<\/a> <\/strong> from <strong><a href=\"https:\/\/www.slideshare.net\/fellyph\" target=\"_blank\">Fellyph Cintra<\/a><\/strong> <\/div>\n\t\t\t\t<\/div>\n\t\t\t<\/div>\n\n\t\t\n\t\t\t<!-- Organizers note: The id attribute is deprecated and only remains for backwards compatibility, please use the corresponding class to target individual speakers -->\n\t\t\t<div id=\"wcorg-speaker-pavel-cahlik\" class=\"wcorg-speaker wcorg-speaker-pavel-cahlik\">\n\t\t\t\t<h2>\n\t\t\t\t\t\n\t\t\t\t\t\tPavel Cahl\u00edk\n\t\t\t\t\t\t\t\t\t<\/h2>\n\n\t\t\t\t<div class=\"wcorg-speaker-description\">\n\t\t\t\t\t\t\t\t\t\t<p>Pracoval jsem v agentur\u00e1ch, u klient\u016f i na voln\u00e9 noze. Jsem odkojen onlinem, ale v\u00edm, jak d\u016fle\u017eit\u00fd je i offline sv\u011bt. Pom\u00e1h\u00e1m zna\u010dk\u00e1m naj\u00edt jejich podstatu a vylep\u0161it tak jejich v\u00fdkonnost.<\/p>\n<p>Zna\u010dky sv\u00e9 chyby opakuj\u00ed. Cyklicky, neodvratn\u011b a nevyhnuteln\u011b. Poj\u010fte se pou\u010dit a neopakovat stejn\u00e9 pitomosti, kter\u00e9 mohou znamenat z\u00e1nik projektu. A to i v jeho po\u010d\u00e1tku. Bude to j\u00edzda!<\/p>\n<p><strong>T\u00e9ma:<\/strong>\u00a0<em>SEX, DROGY, ROCK &amp; ROLL aneb 7 smrteln\u00fdch h\u0159\u00edch\u016f zna\u010dek<\/em><\/p>\n<p><strong><a href=\"https:\/\/2019.prague.wordcamp.org\/pavel-cahlik-sex-drogy-rock-roll-a-vas-brand\/\">Pavel Cahl\u00edk \u2013 sex, drogy, rock &amp; roll a v\u00e1\u0161 brand<\/a><\/strong><\/p>\n\t\t\t\t<\/div>\n\t\t\t<\/div>\n\n\t\t\n\t\t\t<!-- Organizers note: The id attribute is deprecated and only remains for backwards compatibility, please use the corresponding class to target individual speakers -->\n\t\t\t<div id=\"wcorg-speaker-rodolfo-melogli\" class=\"wcorg-speaker wcorg-speaker-rodolfo-melogli\">\n\t\t\t\t<h2>\n\t\t\t\t\t\n\t\t\t\t\t\tRodolfo Melogli\n\t\t\t\t\t\t\t\t\t<\/h2>\n\n\t\t\t\t<div class=\"wcorg-speaker-description\">\n\t\t\t\t\t\t\t\t\t\t<p>Author, WooCommerce expert, WordCamp speaker and Internet marketer, Rodolfo Melogli has worked as a WooCommerce freelancer since 2011.<\/p>\n<p>He helps entrepreneurs and developers overcome their WooCommerce nightmares \ud83d\ude42 Rodolfo is the former organiser of WordCamp Dublin, the Dublin WooCommerce Meetup, the Dublin Ecommerce Meetup and the Dublin WordPress Meetup and is now coorganiser of the Palermo WordPress Meetup.<\/p>\n<p>He enjoys interacting with people, travelling and chasing tennis &amp; soccer balls. Of course, he loves pizza too!<\/p>\n<p><strong>Topic:\u00a0<\/strong><em>10 PHP Snippets to Increase WooCommerce Sales<\/em><\/p>\n<p><a href=\"https:\/\/2019.prague.wordcamp.org\/with-rodolfo-melogli-about-becoming-a-woocommerce-specialist-and-beyond\/\"><strong>With Rodolfo Melogli about becoming a WooCommerce specialist and beyond<\/strong><\/a><\/p>\n\t\t\t\t<\/div>\n\t\t\t<\/div>\n\n\t\t\n\t\t\t<!-- Organizers note: The id attribute is deprecated and only remains for backwards compatibility, please use the corresponding class to target individual speakers -->\n\t\t\t<div id=\"wcorg-speaker-michal-vojak\" class=\"wcorg-speaker wcorg-speaker-michal-vojak\">\n\t\t\t\t<h2>\n\t\t\t\t\t\n\t\t\t\t\t\tMichal Voj\u00e1k\n\t\t\t\t\t\t\t\t\t<\/h2>\n\n\t\t\t\t<div class=\"wcorg-speaker-description\">\n\t\t\t\t\t\t\t\t\t\t<p>Michal je spoluvlastn\u00edkem spole\u010dnosti AW-dev, kde vede UX a v\u00fdvojov\u00e9 odd\u011blen\u00ed. Od doby kdy za\u010dal vytv\u00e1\u0159et weby si pro\u0161el od programov\u00e1n\u00ed, grafiky, k\u00f3dov\u00e1n\u00ed a\u017e k u UX, kde z\u016fstal. V posledn\u00edch 4 letech intenzivn\u011b pom\u00e1hal Komer\u010dn\u00ed bance s navrhov\u00e1n\u00edm a rozvojem UX pro mobiln\u00ed banku. Michal se sv\u00fdm t\u00fdmem v AW-dev d\u011bl\u00e1 internet lep\u0161\u00ed od roku 2011.<\/p>\n<p><strong>T\u00e9ma:\u00a0<\/strong><em>Zn\u00e1te svoje z\u00e1kazn\u00edky?<\/em><\/p>\n<p><a href=\"https:\/\/2019.prague.wordcamp.org\/michal-vojak-poznej-zakaznika-a-pust-se-do-ux\/\"><strong>Michal Voj\u00e1k \u2013 poznej z\u00e1kazn\u00edka a pus\u0165 se do UX<\/strong><\/a><\/p>\n<p><a href=\"https:\/\/2019.prague.wordcamp.org\/files\/2018\/12\/Wordcamp-slideshare.pdf\">Prezentace: Zn\u00e1te sv\u00e9 z\u00e1kazn\u00edky?<\/a><\/p>\n\t\t\t\t<\/div>\n\t\t\t<\/div>\n\n\t\t\n\t\t\t<!-- Organizers note: The id attribute is deprecated and only remains for backwards compatibility, please use the corresponding class to target individual speakers -->\n\t\t\t<div id=\"wcorg-speaker-dario-jazbec-hrvatin\" class=\"wcorg-speaker wcorg-speaker-dario-jazbec-hrvatin\">\n\t\t\t\t<h2>\n\t\t\t\t\t\n\t\t\t\t\t\tDario Jazbec Hrvatin\n\t\t\t\t\t\t\t\t\t<\/h2>\n\n\t\t\t\t<div class=\"wcorg-speaker-description\">\n\t\t\t\t\t\t\t\t\t\t<p>I was born in Croatia, but I live in Slovenia for 11 years already, with my wife, daughter and our chihuahua. I started using WordPress in 2007 and once I tried it, I never used anything else.<\/p>\n<p>I was first a freelancer, then\u00a0worked as a lead web developer for a renowned Slovenian marketing agency, and finally, I got the opportunity to work for OnTheGoSystems, company behind WPML and Toolset plugins. There, I worked as a tester, before becoming the Documentation Manager, which is what I do still. Besides documentation, I also help improve our products\u2018 usability by organizing and running usability testing sessions with our customers.<\/p>\n<p>I love being a speaker on WordCamps and meetups around my region. My top ones so far were a talk on WCEU Sofia in 2014 and a talk on WCEU Paris in 2017. Finally, I am also a passionate musician (singer-songwriter and guitarist), having released an LP with my own band Helika, as well as produced music for short film and theatre.<\/p>\n<p><strong>Topic:<\/strong>\u00a0<em>Using post relationships to build advanced sites<\/em><\/p>\n<p><strong><a href=\"https:\/\/2019.prague.wordcamp.org\/interview-with-dario-jazbec-hrvatin\/\">Interview with Dario Jazbec Hrvatin<\/a><\/strong><\/p>\n\t\t\t\t<\/div>\n\t\t\t<\/div>\n\n\t\t\n\t\t\t<!-- Organizers note: The id attribute is deprecated and only remains for backwards compatibility, please use the corresponding class to target individual speakers -->\n\t\t\t<div id=\"wcorg-speaker-petr-lipovsky\" class=\"wcorg-speaker wcorg-speaker-petr-lipovsky\">\n\t\t\t\t<h2>\n\t\t\t\t\t\n\t\t\t\t\t\tPetr Lipovsk\u00fd\n\t\t\t\t\t\t\t\t\t<\/h2>\n\n\t\t\t\t<div class=\"wcorg-speaker-description\">\n\t\t\t\t\t\t\t\t\t\t<p>Petr Lipovsk\u00fd si pro\u0161el na za\u010d\u00e1tku rol\u00ed obcho\u010f\u00e1ka, kter\u00fd reklamu pouze prod\u00e1val, pozd\u011bji i tu PPC a \u0159e\u0161il pro klienty reklamn\u00ed strategie. Pozd\u011bji p\u0159idal k PPC i SEO a navrhov\u00e1n\u00ed web\u016f a e-shop\u016f, aby nejen reklama byla lep\u0161\u00ed.<\/p>\n<p>Po p\u00e1r letech mu v\u0161ak p\u0159i\u0161lo, \u017ee ve vztahu ke klientovi jde prim\u00e1rn\u011b agentur\u00e1m o zisk pro sebe a \u017ee p\u0159\u00ednos pro klienta je a\u017e na druh\u00e9m m\u00edst\u011b. Proto se v t\u00e9 dob\u011b rozhodl, \u017ee odejde na volnou nohu a od t\u00e9 doby pro klienty nej\u010dast\u011bji \u0159e\u0161\u00ed v\u011bci t\u00fdkaj\u00edc\u00ed se pr\u00e1v\u011b on-line marketingu, a\u0165 u\u017e je to spr\u00e1va PPC kampan\u00ed (p\u0159ev\u00e1\u017en\u011b Ads a Sklik) nebo dal\u0161\u00ed doporu\u010den\u00ed a konzultace v SEO \u010di UX pro webov\u00e9 str\u00e1nky nebo e-shopy.<\/p>\n<p><strong>T\u00e9ma:<\/strong><em>\u00a0Jak za\u010d\u00edt s PPC reklamou<\/em><\/p>\n<p><strong><a href=\"https:\/\/2019.prague.wordcamp.org\/petr-lipovsky-predpoklady-uspesne-ppc-kampane\/\">Petr Lipovsk\u00fd \u2013 p\u0159edpoklady \u00fasp\u011b\u0161n\u00e9 PPC kampan\u011b<\/a><\/strong><\/p>\n\t\t\t\t<\/div>\n\t\t\t<\/div>\n\n\t\t\n\t<\/div>\n\n\t\n","protected":false},"excerpt":{"rendered":"","protected":false},"author":9292185,"featured_media":0,"parent":0,"menu_order":0,"comment_status":"closed","ping_status":"closed","template":"","meta":{"_crdt_document":"","jetpack_post_was_ever_published":false,"footnotes":""},"class_list":["post-3939","page","type-page","status-publish","hentry"],"jetpack_sharing_enabled":true,"jetpack_shortlink":"https:\/\/wp.me\/Pab3ys-11x","_links":{"self":[{"href":"https:\/\/prague.wordcamp.org\/2019\/wp-json\/wp\/v2\/pages\/3939","targetHints":{"allow":["GET"]}}],"collection":[{"href":"https:\/\/prague.wordcamp.org\/2019\/wp-json\/wp\/v2\/pages"}],"about":[{"href":"https:\/\/prague.wordcamp.org\/2019\/wp-json\/wp\/v2\/types\/page"}],"author":[{"embeddable":true,"href":"https:\/\/prague.wordcamp.org\/2019\/wp-json\/wp\/v2\/users\/9292185"}],"replies":[{"embeddable":true,"href":"https:\/\/prague.wordcamp.org\/2019\/wp-json\/wp\/v2\/comments?post=3939"}],"version-history":[{"count":1,"href":"https:\/\/prague.wordcamp.org\/2019\/wp-json\/wp\/v2\/pages\/3939\/revisions"}],"predecessor-version":[{"id":4531,"href":"https:\/\/prague.wordcamp.org\/2019\/wp-json\/wp\/v2\/pages\/3939\/revisions\/4531"}],"wp:attachment":[{"href":"https:\/\/prague.wordcamp.org\/2019\/wp-json\/wp\/v2\/media?parent=3939"}],"curies":[{"name":"wp","href":"https:\/\/api.w.org\/{rel}","templated":true}]}}