{"id":1852,"date":"2016-10-13T12:12:34","date_gmt":"2016-10-13T12:12:34","guid":{"rendered":"http:\/\/2017.prague.wordcamp.org\/?page_id=41"},"modified":"2016-10-13T12:12:34","modified_gmt":"2016-10-13T12:12:34","slug":"organizatori","status":"publish","type":"page","link":"https:\/\/prague.wordcamp.org\/2019\/organizatori\/","title":{"rendered":"Organiz\u00e1to\u0159i"},"content":{"rendered":"\t<div class=\"wcorg-organizers\">\n\n\t\t\n\t\t\t<div class=\"wcorg-organizer\">\n\t\t\t\t<h2>Adam Laita<\/h2>\n\t\t\t\t<div class=\"wcorg-organizer-description\">\n\t\t\t\t\t\t\t\t\t\t<img alt='' src='https:\/\/secure.gravatar.com\/avatar\/a33b83c456cb0208f526724c4f5a86faf26d7a668898b9fafe24bb707c4a54dc?s=100&#038;d=mm&#038;r=g' srcset='https:\/\/secure.gravatar.com\/avatar\/a33b83c456cb0208f526724c4f5a86faf26d7a668898b9fafe24bb707c4a54dc?s=200&#038;d=mm&#038;r=g 2x' class='avatar avatar-100 photo' height='100' width='100' \/>\t\t\t\t\t<p><a href=\"https:\/\/www.laita.cz\/\">Adam<\/a> se v\u011bnuje v\u00fdvoji webov\u00fdch str\u00e1nek ji\u017e 9. rokem a d\u00edky sv\u00fdm zku\u0161enostem dnes p\u016fsob\u00ed nejen jako specialista na WordPress, ale tak\u00e9 jako profesion\u00e1ln\u00ed kod\u00e9r, konzultant a lektor. P\u0159i sv\u00e9m v\u00fdvoji se zam\u011b\u0159uje na optimalizaci k\u00f3du pro co mo\u017en\u00e1 nejlep\u0161\u00ed rychlost na\u010d\u00edt\u00e1n\u00ed webu a tak\u00e9 na stavbu intuitivn\u00ed administrace, kterou bude moci ovl\u00e1dat i m\u00e9n\u011b zku\u0161en\u00fd u\u017eivatel.<\/p>\n<p>Ve spolupr\u00e1ci s <a href=\"http:\/\/tomanpetr.cz\/\">Petrem Tomanem<\/a> nab\u00edz\u00ed \u0161irok\u00e9 portfolio nab\u00edzen\u00fdch \u0159e\u0161en\u00ed, a\u0165 u\u017e se jedn\u00e1 o weby na m\u00edru, nebo jednoduch\u00e9 vizitky postaven\u00e9 na pr\u00e9miov\u00fdch \u0161ablon\u00e1ch.<\/p>\n\t\t\t\t<\/div>\n\t\t\t<\/div>\n\n\t\t\n\t\t\t<div class=\"wcorg-organizer\">\n\t\t\t\t<h2>Vladim\u00edr Smitka<\/h2>\n\t\t\t\t<div class=\"wcorg-organizer-description\">\n\t\t\t\t\t\t\t\t\t\t<img alt='' src='https:\/\/secure.gravatar.com\/avatar\/2bead5bee14ceb073513cf08d943f9f1bd4757d0a3b368a25aac838a6872bbfd?s=100&#038;d=mm&#038;r=g' srcset='https:\/\/secure.gravatar.com\/avatar\/2bead5bee14ceb073513cf08d943f9f1bd4757d0a3b368a25aac838a6872bbfd?s=200&#038;d=mm&#038;r=g 2x' class='avatar avatar-100 photo' height='100' width='100' \/>\t\t\t\t\t<p>Kolem web\u016f a spr\u00e1vy server\u016f se za\u010dal pohybovat u\u017e velmi d\u00e1vno &#8211; v roce 2001. Dnes se v\u011bnuje p\u0159edev\u0161\u00edm technick\u00e9mu zlep\u0161ov\u00e1n\u00ed web\u016f a opravov\u00e1n\u00edm chyb jin\u00fdch tv\u016frc\u016f \u2013 podobn\u00fdch chyb, kter\u00e9 on s\u00e1m v za\u010d\u00e1tc\u00edch b\u011b\u017en\u011b d\u011blal. V t\u00e9to oblasti d\u011bl\u00e1 tak\u00e9 porotce v sout\u011b\u017ei WebTop100 pro technick\u00e9 zpracov\u00e1n\u00ed web\u016f. Ro\u010dn\u011b mu tak projde rukama n\u011bkolik stovek web\u016f, kter\u00e9 zkoum\u00e1 jak po str\u00e1nce v\u00fdkonu, tak po str\u00e1nce bezpe\u010dnosti. Zalo\u017eil agenturu <a href=\"https:\/\/lynt.cz\">Lynt services<\/a>, kter\u00e1 firm\u00e1m pom\u00e1h\u00e1 s provozov\u00e1n\u00edm webov\u00fdch str\u00e1nek \u2013 od konfigurace server\u016f, p\u0159es jejich v\u00fdvoj, a\u017e po jejich propagaci. Aktu\u00e1ln\u011b se Lynt hodn\u011b v\u011bnuje automatizaci v PPC a datov\u00e9 anal\u00fdze &#8211; pracuj\u00ed na n\u00e1stroj\u00edch PPC Robot a Marketing Miner. Vl\u00e1\u010fa WordPress poprv\u00e9 okusil ve verzi 1.5, ale v t\u00e9 dob\u011b byl podle n\u011bj je\u0161t\u011b velmi nedosp\u011bl\u00fd a tak od n\u011bj na n\u011bkolik let op\u011bt utekl. Dnes pova\u017euje\u00a0situaci mnohem lep\u0161\u00ed a tak jej \u010dasto a r\u00e1d pou\u017e\u00edv\u00e1.<\/p>\n\t\t\t\t<\/div>\n\t\t\t<\/div>\n\n\t\t\n\t\t\t<div class=\"wcorg-organizer\">\n\t\t\t\t<h2>Radek Ku\u010dera<\/h2>\n\t\t\t\t<div class=\"wcorg-organizer-description\">\n\t\t\t\t\t\t\t\t\t\t<img alt='' src='https:\/\/secure.gravatar.com\/avatar\/2c99e4b95dad0f1066c1b55ad059e8fca830503ed3c92faed6980af482c0181b?s=100&#038;d=mm&#038;r=g' srcset='https:\/\/secure.gravatar.com\/avatar\/2c99e4b95dad0f1066c1b55ad059e8fca830503ed3c92faed6980af482c0181b?s=200&#038;d=mm&#038;r=g 2x' class='avatar avatar-100 photo' height='100' width='100' \/>\t\t\t\t\t<p>Kdy\u017e bylo\u00a0WordPressu 2.9, za\u010dal Radek s prvn\u00edm\u00a0<a href=\"http:\/\/bigdrobek.com\/\" target=\"_blank\" rel=\"noopener\">blogem<\/a>, katalogem odkaz\u016f a webem s PR \u010dl\u00e1nky. Brzo ji\u017e na WordPressu postavil n\u011bkolik jednoduch\u00fdch firemn\u00edch web\u016f. \u00a0Dnes je p\u0159edev\u0161\u00edm fanou\u0161ek, kter\u00fd se r\u00e1d n\u011bco nau\u010d\u00ed a sleduje d\u011bn\u00ed okolo <a href=\"https:\/\/www.wpmax.cz\/\">WordPressu<\/a>. Krom\u011b toho ho zaj\u00edm\u00e1 v\u0161e\u00a0okolo internetu. Radek pracuje v oblasti Telco &amp; ICT.<\/p>\n\t\t\t\t<\/div>\n\t\t\t<\/div>\n\n\t\t\n\t\t\t<div class=\"wcorg-organizer\">\n\t\t\t\t<h2>Jan \u0160t\u011btina<\/h2>\n\t\t\t\t<div class=\"wcorg-organizer-description\">\n\t\t\t\t\t\t\t\t\t\t<img alt='' src='https:\/\/secure.gravatar.com\/avatar\/a934439de42b4773be7c3cba14ce6ce5e4278434c9630c9b57ebba7966f1160d?s=100&#038;d=mm&#038;r=g' srcset='https:\/\/secure.gravatar.com\/avatar\/a934439de42b4773be7c3cba14ce6ce5e4278434c9630c9b57ebba7966f1160d?s=200&#038;d=mm&#038;r=g 2x' class='avatar avatar-100 photo' height='100' width='100' \/>\t\t\t\t\t<p>Aktivn\u00edm u\u017eivatelem WordPressu od roku 2007 (verze 2.4), co\u017e zahrnovalo \u0159adu aktivit od tvorby vlastn\u00edho webu, naps\u00e1n\u00ed n\u011bkolika plugin\u016f, a\u017e po n\u011bkolikaletou spr\u00e1vu men\u0161\u00ed s\u00edt\u011b blog\u016f a vytv\u00e1\u0159en\u00ed web\u016f a komplexn\u00edch plugin\u016f na m\u00edru pro men\u0161\u00ed firmy jako p\u0159iv\u00fdd\u011blek p\u0159i studiu. Nakonec na\u0161el sv\u00e9 m\u00edsto ve v\u00fdvoj\u00e1\u0159sk\u00e9m t\u00fdmu <a href=\"https:\/\/toolset.com\">Toolsetu<\/a> v <a href=\"https:\/\/onthegosystems.com\">OnTheGoSystems<\/a>.<\/p>\n<p>Zam\u011b\u0159uje se p\u0159edev\u0161\u00edm na backend, softwarov\u00e9 architektury, DevOps. M\u00e1 zku\u0161enosti i s \u0159adou jin\u00fdch programovac\u00edch jazyk\u016f (C#, C++, Java).<\/p>\n<p>Motto \u201ck\u00f3d je poezie\u201d (code is poetry) p\u0159ijal za sv\u00e9 uplat\u0148uje ho p\u0159i ka\u017ed\u00e9 p\u0159\u00edle\u017eitosti.<\/p>\n<p>Na WordPressu (a pota\u017emo i na Toolsetu) jej bav\u00ed p\u0159edev\u0161\u00edm to, \u017ee jde o velmi univerz\u00e1ln\u00ed n\u00e1stroje, kter\u00e9 u\u017eivatel\u016fm do rukou d\u00e1vaj\u00ed p\u0159i tvorb\u011b webu velk\u00e9 mo\u017enosti.<\/p>\n\t\t\t\t<\/div>\n\t\t\t<\/div>\n\n\t\t\n\t\t\t<div class=\"wcorg-organizer\">\n\t\t\t\t<h2>Karol\u00edna Vysko\u010dilov\u00e1<\/h2>\n\t\t\t\t<div class=\"wcorg-organizer-description\">\n\t\t\t\t\t\t\t\t\t\t<img alt='' src='https:\/\/secure.gravatar.com\/avatar\/07a20c9f56b2b62f304e1e3820aec06f9bf96bd4fd2533749b0e738042fb6e6c?s=100&#038;d=mm&#038;r=g' srcset='https:\/\/secure.gravatar.com\/avatar\/07a20c9f56b2b62f304e1e3820aec06f9bf96bd4fd2533749b0e738042fb6e6c?s=200&#038;d=mm&#038;r=g 2x' class='avatar avatar-100 photo' height='100' width='100' \/>\t\t\t\t\t<p>Karol\u00edna programuje <a href=\"https:\/\/kybernaut.cz\" target=\"_blank\" rel=\"noopener\">\u0161ablony a pluginy na m\u00edru<\/a> \u2013 r\u00e1da dotahuje z\u00e1m\u011br klient\u016f k dokonalosti a ukazuje jim, \u017ee web m\u016f\u017ee um\u011bt je\u0161t\u011b v\u00edc, ne\u017e si p\u016fvodn\u011b p\u0159edstavovali. D\u00e1v\u00e1 si z\u00e1le\u017eet, aby klient spr\u00e1vu hotov\u00e9ho webu zvl\u00e1dl levou zadn\u00ed.<\/p>\n<p>Je na voln\u00e9 noze, m\u00e1 za sebou p\u0159es 120 projekt\u016f a n\u011bkter\u00e9 jej\u00ed pluginy m\u016f\u017eete naj\u00edt i ve <a href=\"https:\/\/profiles.wordpress.org\/vyskoczilova#content-plugins\" target=\"_blank\" rel=\"noopener\">WP repozit\u00e1\u0159i<\/a>. O WordPressu \u0161kol\u00ed pro Czechitas a klient\u016fm nab\u00edz\u00ed i konzultace.<\/p>\n<p>Karol\u00edna se web\u016fm a programov\u00e1n\u00ed v\u011bnuje u\u017e 15 let, posledn\u00edch 6 let se specializuje na WordPress. Ten j\u00ed vyhovuje, proto\u017ee je to roz\u0161\u00ed\u0159en\u00fd redak\u010dn\u00ed syst\u00e9m, kter\u00fd v\u00e1s nav\u017edy neuv\u00e1\u017ee k jednomu program\u00e1torovi nebo firm\u011b.<\/p>\n\t\t\t\t<\/div>\n\t\t\t<\/div>\n\n\t\t\n\t\t\t<div class=\"wcorg-organizer\">\n\t\t\t\t<h2>David Ryvola<\/h2>\n\t\t\t\t<div class=\"wcorg-organizer-description\">\n\t\t\t\t\t\t\t\t\t\t<img alt='' src='https:\/\/secure.gravatar.com\/avatar\/36a2b31a2db51d4bf69fe253e8395dc4db25d9f860652bc97e4c6e21f39eb2bd?s=100&#038;d=mm&#038;r=g' srcset='https:\/\/secure.gravatar.com\/avatar\/36a2b31a2db51d4bf69fe253e8395dc4db25d9f860652bc97e4c6e21f39eb2bd?s=200&#038;d=mm&#038;r=g 2x' class='avatar avatar-100 photo' height='100' width='100' \/>\t\t\t\t\t<p>Textov\u00fd m\u00e1g pro v\u0161e, co je psan\u00e9. Postar\u00e1 se o va\u0161e <a href=\"http:\/\/www.lepsicopy.cz\">lep\u0161\u00ed copy<\/a>, a\u0165 u\u017e bude pot\u0159eba kamkoliv.<\/p>\n\t\t\t\t<\/div>\n\t\t\t<\/div>\n\n\t\t\n\t\t\t<div class=\"wcorg-organizer\">\n\t\t\t\t<h2>Petr Hlavi\u010dka<\/h2>\n\t\t\t\t<div class=\"wcorg-organizer-description\">\n\t\t\t\t\t\t\t\t\t\t<img alt='' src='https:\/\/secure.gravatar.com\/avatar\/2bf65331cc0e6ecd74990da8749e2c254a54c6b9c588a2adb5f2584361596d27?s=100&#038;d=mm&#038;r=g' srcset='https:\/\/secure.gravatar.com\/avatar\/2bf65331cc0e6ecd74990da8749e2c254a54c6b9c588a2adb5f2584361596d27?s=200&#038;d=mm&#038;r=g 2x' class='avatar avatar-100 photo' height='100' width='100' \/>\t\t\t\t\t<p>Petr se za\u010dal zaj\u00edmat o tvorbu webov\u00fdch str\u00e1nek ji\u017e b\u011bhem studia na st\u0159edn\u00ed \u0161kole. Od roku 2007 se do toho pustil v\u00edce a za\u010dal si p\u0159ivyd\u011bl\u00e1vat jako HTML kod\u00e9r na voln\u00e9 noze b\u011bhem studi\u00ed na vysok\u00e9. K WordPressu, ve verzi 2.9, se dostal na za\u010d\u00e1tku roku 2010, kdy v n\u011bm za\u010dal tvo\u0159it webov\u00e9 str\u00e1nky klient\u016fm.<\/p>\n<p>V dne\u0161n\u00ed dob\u011b se v\u011bnuje WordPressu ji\u017e hlavn\u011b v r\u00e1mci <a href=\"https:\/\/www.hlavicka.cz\">konzulta\u010dn\u00ed \u010dinnosti<\/a>, jinak programuje webov\u00e9 aplikace a spolupracuje s dal\u0161\u00edmi specialisty pod <a href=\"http:\/\/www.web-entity.cz\">Web Entity<\/a>.<\/p>\n\t\t\t\t<\/div>\n\t\t\t<\/div>\n\n\t\t\n\t\t\t<div class=\"wcorg-organizer\">\n\t\t\t\t<h2>Tereza Suchanov\u00e1<\/h2>\n\t\t\t\t<div class=\"wcorg-organizer-description\">\n\t\t\t\t\t\t\t\t\t\t<img alt='' src='https:\/\/secure.gravatar.com\/avatar\/e892a75ba898f540b579b0ce70db1ec5353369b71f7e8fc1a8a4a8d5b11822a6?s=100&#038;d=mm&#038;r=g' srcset='https:\/\/secure.gravatar.com\/avatar\/e892a75ba898f540b579b0ce70db1ec5353369b71f7e8fc1a8a4a8d5b11822a6?s=200&#038;d=mm&#038;r=g 2x' class='avatar avatar-100 photo' height='100' width='100' \/>\t\t\t\t\t<p>O WordPressu se\u00a0dozv\u011bd\u011bla cca p\u0159ed 8 lety, kdy za\u010dala ps\u00e1t svoje prvn\u00ed amat\u00e9rsk\u00e9 blogy (<a href=\"https:\/\/cyklopartnerka.wordpress.com\/\">Cyklopartnerka<\/a> nebo <a href=\"https:\/\/doformy.wordpress.com\/vitejte\/\">Do formy<\/a>), kter\u00e9 z \u010dasov\u00fdch d\u016fvod\u016f ji\u017e neudr\u017euje, ale prost\u0159ed\u00ed WordPressu ji zaujalo natolik, \u017ee nyn\u00ed vytv\u00e1\u0159\u00ed jednoduch\u00e9 weby pro freelancery s ni\u017e\u0161\u00edm rozpo\u010dtem.<\/p>\n<p>Na voln\u00e9 noze funguje jako <a href=\"https:\/\/holkaprovsechno.cz\/\">virtu\u00e1ln\u00ed asistentka<\/a>, kter\u00e1 m\u00e1 ve sv\u00e9m portfoliu nep\u0159ebern\u00e9 mno\u017estv\u00ed \u010dinnost\u00ed &#8211; od vyhled\u00e1v\u00e1n\u00ed informac\u00ed a tvorby dokument\u016f, p\u0159es n\u00e1bor zam\u011bstnanc\u016f \u010di zaji\u0161t\u011bn\u00ed slu\u017eebn\u00edch cest a\u017e po organizaci ud\u00e1lost\u00ed v\u0161ech druh\u016f a velikost\u00ed. WordCampu je nejprve \u00fa\u010dastnila jako dobrovolnice, n\u00e1sledn\u011b jako \u00fa\u010dastnice u\u017eivatelsk\u00e9 sekce a te\u010f se sna\u017e\u00ed vyu\u017e\u00edt sv\u00fdch zku\u0161enost\u00ed a znalost\u00ed k vylep\u0161en\u00ed (ji\u017e tak skv\u011bl\u00e9) akce.<\/p>\n\t\t\t\t<\/div>\n\t\t\t<\/div>\n\n\t\t\n\t\t\t<div class=\"wcorg-organizer\">\n\t\t\t\t<h2>Iveta Zlatn\u00ed\u010dkov\u00e1<\/h2>\n\t\t\t\t<div class=\"wcorg-organizer-description\">\n\t\t\t\t\t\t\t\t\t\t<img alt='' src='https:\/\/secure.gravatar.com\/avatar\/832ffd6da2117b0b7323ea9b19311977f5a58b2d583bf1787f62f3b9951267e0?s=100&#038;d=mm&#038;r=g' srcset='https:\/\/secure.gravatar.com\/avatar\/832ffd6da2117b0b7323ea9b19311977f5a58b2d583bf1787f62f3b9951267e0?s=200&#038;d=mm&#038;r=g 2x' class='avatar avatar-100 photo' height='100' width='100' \/>\t\t\t\t\t<p>WordPress komunita j\u00ed p\u0159irostla k srdci n\u00e1v\u0161t\u011bvou pra\u017esk\u00e9ho WordCampu v roce 2018. Od t\u00e9 chv\u00edle se aktivn\u011b u\u010d\u00ed s WordPressem na vlastn\u00edm blogu a zaj\u00edm\u00e1 se o online marketing.<\/p>\n\t\t\t\t<\/div>\n\t\t\t<\/div>\n\n\t\t\n\t\t\t<div class=\"wcorg-organizer\">\n\t\t\t\t<h2>Petr Toman<\/h2>\n\t\t\t\t<div class=\"wcorg-organizer-description\">\n\t\t\t\t\t\t\t\t\t\t<img alt='' src='https:\/\/secure.gravatar.com\/avatar\/958c6031bbef9fb4f294a14fbfc32209a03ac554c273704c4478bf8daa87fa4b?s=100&#038;d=mm&#038;r=g' srcset='https:\/\/secure.gravatar.com\/avatar\/958c6031bbef9fb4f294a14fbfc32209a03ac554c273704c4478bf8daa87fa4b?s=200&#038;d=mm&#038;r=g 2x' class='avatar avatar-100 photo' height='100' width='100' \/>\t\t\t\t\t<p><a href=\"http:\/\/www.tomanpetr.cz\" target=\"_blank\" rel=\"noopener\">Petr<\/a>\u00a0za\u010dal svou pr\u00e1ci v IT jako Account Manager ve firm\u011b vyu\u017e\u00edvaj\u00edc\u00ed vlastn\u00ed CMS. Kv\u016fli nar\u016fstaj\u00edc\u00ed popt\u00e1vce se musel sezn\u00e1mit s WP a za\u010dalo tak dlouh\u00e9 hled\u00e1n\u00ed po kvalitn\u00edm v\u00fdvoj\u00e1\u0159i. Nakonec narazil na zaj\u00edmav\u00fd kontakt a spojil se s <a href=\"https:\/\/www.laita.cz\/\">Adamem Laitou<\/a>, kter\u00fd mu pomohl zachr\u00e1nit jeden projekt. N\u00e1sledn\u011b se spolu se\u0161li, nap\u011bchovali vodn\u00ed d\u00fdmku a domluvili bli\u017e\u0161\u00ed spolupr\u00e1ci.<\/p>\n<p>V t\u00e9 dob\u011b si za\u010dal uv\u011bdomovat, \u017ee accounting a \u0159\u00edzen\u00ed projekt\u016f u\u017e nen\u00ed to, co by ho posouvalo d\u00e1l a za\u010dal se pod Adamovo veden\u00edm u\u010dit k\u00f3dovat a zvl\u00e1dat slo\u017eit\u011bj\u0161\u00ed webov\u00e9 techniky. V sou\u010dasnosti stav\u00ed v\u011bt\u0161inu web\u016f na frameworku Divi.<\/p>\n\t\t\t\t<\/div>\n\t\t\t<\/div>\n\n\t\t\n\t\t\t<div class=\"wcorg-organizer\">\n\t\t\t\t<h2>Pavel Cahl\u00edk<\/h2>\n\t\t\t\t<div class=\"wcorg-organizer-description\">\n\t\t\t\t\t\t\t\t\t\t<img alt='' src='https:\/\/secure.gravatar.com\/avatar\/2b79aad64c6f12c883df96c84c04b207b19046ab40e84693addac6ae6d6497f4?s=100&#038;d=mm&#038;r=g' srcset='https:\/\/secure.gravatar.com\/avatar\/2b79aad64c6f12c883df96c84c04b207b19046ab40e84693addac6ae6d6497f4?s=200&#038;d=mm&#038;r=g 2x' class='avatar avatar-100 photo' height='100' width='100' \/>\t\t\t\t\t<p>Pracoval jsem v agentur\u00e1ch, u klient\u016f i na voln\u00e9 noze. Jsem odkojen onlinem, ale v\u00edm, jak d\u016fle\u017eit\u00fd je i offline sv\u011bt. R\u00e1d pom\u00e1h\u00e1m zna\u010dk\u00e1m naj\u00edt jejich podstatu a vylep\u0161it tak jejich v\u00fdkonnost.<\/p>\n\t\t\t\t<\/div>\n\t\t\t<\/div>\n\n\t\t\n\t\t\t<div class=\"wcorg-organizer\">\n\t\t\t\t<h2>Pavel Urb\u00e1nek<\/h2>\n\t\t\t\t<div class=\"wcorg-organizer-description\">\n\t\t\t\t\t\t\t\t\t\t<img alt='' src='https:\/\/secure.gravatar.com\/avatar\/05d7d60433b2919c567ea230206afec82757ce6562d69649e76962528e936eba?s=100&#038;d=mm&#038;r=g' srcset='https:\/\/secure.gravatar.com\/avatar\/05d7d60433b2919c567ea230206afec82757ce6562d69649e76962528e936eba?s=200&#038;d=mm&#038;r=g 2x' class='avatar avatar-100 photo' height='100' width='100' \/>\t\t\t\t\t<p>S wordpressem pracuji od verze 2 (rok 2007) a za tu dobu jsem se s n\u00edm sezn\u00e1mil z n\u011bkolika sm\u011br\u016f. Nejprve jsem se s n\u00edm pracoval jako program\u00e1tor. V posledn\u00edch n\u011bkolika letech na WordPress kouk\u00e1m hlavn\u011b z druh\u00e9 strany jako syst\u00e9mov\u00fd administr\u00e1tor u <strong>hostingu pro WordPress<\/strong> zn\u00e1my jako <a title=\"Hosting pro WordPres\" href=\"https:\/\/www.wp-hosting.cz\/\" target=\"_blank\" rel=\"noopener\">WP Hosting<\/a>.<\/p>\n<p>Zam\u011b\u0159en\u00ed hostingu je hlavn\u011b s vysok\u00fdm d\u016frazem na pot\u0159eby WordPressu. Nutnou sou\u010d\u00e1st\u00ed jsou nov\u00e9 modern\u00ed technologie, kter\u00e9 je\u0161t\u011b dnes nejsou b\u011b\u017en\u00fdm standardem u poskytovatel\u016f slu\u017eeb v \u010cR.<\/p>\n<p>Mimo pou\u017eit\u00e9 technologie se sna\u017e\u00edme u <strong>WP hostingu<\/strong> co nejv\u00edce \u0159e\u0161it problematiku spojenou s hostov\u00e1n\u00edm wordpressu za u\u017eivatele i program\u00e1tory. A\u0165 u\u017e jde o bezpe\u010dnost, odvirov\u00e1n\u00ed webu, scany, z\u00e1lohov\u00e1n\u00ed, rychlou instalaci webu, kvalitn\u00ed support se znalost\u00ed WordPressu, nov\u00e9 technologie, snadnou pr\u00e1ci s administrac\u00ed a postupn\u011b implementujeme v\u011bci, kter\u00e9 si z\u00e1kazn\u00edci \u017e\u00e1daj\u00ed.<\/p>\n\t\t\t\t<\/div>\n\t\t\t<\/div>\n\n\t\t\n\t\t\t<div class=\"wcorg-organizer\">\n\t\t\t\t<h2>Jana Ber\u00e1nkov\u00e1<\/h2>\n\t\t\t\t<div class=\"wcorg-organizer-description\">\n\t\t\t\t\t\t\t\t\t\t<img alt='' src='https:\/\/secure.gravatar.com\/avatar\/e913c6911d0ff711b2b1f110ada2fb6c2e9f21d6d883fbdc1d3e4c0b6d6e2620?s=100&#038;d=mm&#038;r=g' srcset='https:\/\/secure.gravatar.com\/avatar\/e913c6911d0ff711b2b1f110ada2fb6c2e9f21d6d883fbdc1d3e4c0b6d6e2620?s=200&#038;d=mm&#038;r=g 2x' class='avatar avatar-100 photo' height='100' width='100' \/>\t\t\t\t\t<p><a href=\"https:\/\/berankova.cz\/\" target=\"_blank\" rel=\"noopener\">Tvorb\u011b web\u016f na voln\u00e9 noze<\/a> se v\u011bnuje od roku 2014. Zam\u011b\u0159uje se na men\u0161\u00ed firemn\u00ed a osobn\u00ed str\u00e1nky. Za\u010d\u00ednala s Bootstrapem, kter\u00e9mu je st\u00e1le u \u010d\u00e1sti projekt\u016f v\u011brn\u00e1, ale po\u017eadavky klient\u016f na redak\u010dn\u00ed syst\u00e9m ji p\u0159ivedli ke zkou\u0161en\u00ed r\u016fzn\u00fdch CMS, mezi kter\u00fdmi nakonec vyhr\u00e1l WordPress. WordCampu Praha se pravideln\u011b \u00fa\u010dastn\u00ed od roku 2015. Poka\u017ed\u00e9 je pro ni velk\u00fdm zdrojem inspirace k osvojen\u00ed si nov\u00fdch postup\u016f a zlep\u0161ov\u00e1n\u00ed vlastn\u00ed pr\u00e1ce.<\/p>\n\t\t\t\t<\/div>\n\t\t\t<\/div>\n\n\t\t\n\t\t\t<div class=\"wcorg-organizer\">\n\t\t\t\t<h2>Michal Janata<\/h2>\n\t\t\t\t<div class=\"wcorg-organizer-description\">\n\t\t\t\t\t\t\t\t\t\t<img alt='' src='https:\/\/secure.gravatar.com\/avatar\/c412919dca15249e25e3b52473fdd10a4c80094f43dc40cb135eeaa166a05cda?s=100&#038;d=mm&#038;r=g' srcset='https:\/\/secure.gravatar.com\/avatar\/c412919dca15249e25e3b52473fdd10a4c80094f43dc40cb135eeaa166a05cda?s=200&#038;d=mm&#038;r=g 2x' class='avatar avatar-100 photo' height='100' width='100' \/>\t\t\t\t\t<p>S WordPressem d\u011bl\u00e1m od verze 2.9, tehdy to bylo p\u0159eci jen n\u011bco trochu jin\u00e9ho ne\u017e je to te\u010f.\u00a0V komunit\u011b se star\u00e1m o p\u0159eklady j\u00e1dra a plugin\u016f. Jsem aktivn\u00edm skautem, pom\u00e1h\u00e1m v organizaci s nejr\u016fzn\u011bj\u0161\u00edmi IT z\u00e1le\u017eitostmi.<\/p>\n<p>Mezi moje hlavn\u00ed \u010dinnosti pat\u0159\u00ed <a href=\"https:\/\/dobryweb.skauting.cz\/\">Dobr\u00fd skautsk\u00fd web<\/a>. Platforma kde se sna\u017e\u00edme \u0161\u00ed\u0159it osv\u011btu o tom, jak si dob\u0159e ud\u011blat web. K tomu m\u00e1me na na\u0161em skautsk\u00e9m hostingu i automatickou instalaci WordPressu v n\u011bkolika bal\u00ed\u010dk\u00e1ch.<\/p>\n\t\t\t\t<\/div>\n\t\t\t<\/div>\n\n\t\t\n\t<\/div><!-- .wcorg-organizers -->\n\t\n","protected":false},"excerpt":{"rendered":"","protected":false},"author":9292185,"featured_media":0,"parent":0,"menu_order":0,"comment_status":"closed","ping_status":"closed","template":"","meta":{"_crdt_document":"","jetpack_post_was_ever_published":false,"footnotes":""},"class_list":["post-1852","page","type-page","status-publish","hentry"],"jetpack_sharing_enabled":true,"jetpack_shortlink":"https:\/\/wp.me\/Pab3ys-tS","_links":{"self":[{"href":"https:\/\/prague.wordcamp.org\/2019\/wp-json\/wp\/v2\/pages\/1852","targetHints":{"allow":["GET"]}}],"collection":[{"href":"https:\/\/prague.wordcamp.org\/2019\/wp-json\/wp\/v2\/pages"}],"about":[{"href":"https:\/\/prague.wordcamp.org\/2019\/wp-json\/wp\/v2\/types\/page"}],"author":[{"embeddable":true,"href":"https:\/\/prague.wordcamp.org\/2019\/wp-json\/wp\/v2\/users\/9292185"}],"replies":[{"embeddable":true,"href":"https:\/\/prague.wordcamp.org\/2019\/wp-json\/wp\/v2\/comments?post=1852"}],"version-history":[{"count":1,"href":"https:\/\/prague.wordcamp.org\/2019\/wp-json\/wp\/v2\/pages\/1852\/revisions"}],"predecessor-version":[{"id":4586,"href":"https:\/\/prague.wordcamp.org\/2019\/wp-json\/wp\/v2\/pages\/1852\/revisions\/4586"}],"wp:attachment":[{"href":"https:\/\/prague.wordcamp.org\/2019\/wp-json\/wp\/v2\/media?parent=1852"}],"curies":[{"name":"wp","href":"https:\/\/api.w.org\/{rel}","templated":true}]}}